{"id":333,"date":"2020-05-31T19:22:23","date_gmt":"2020-05-31T17:22:23","guid":{"rendered":"https:\/\/midamideta.wixsite.com\/midamideta\/home"},"modified":"2021-06-06T17:29:42","modified_gmt":"2021-06-06T16:29:42","slug":"sobre-mi","status":"publish","type":"page","link":"https:\/\/www.midamideta.com\/?page_id=333","title":{"rendered":"Sobre m\u00ed"},"content":{"rendered":"\n<div class=\"wp-block-image\"><figure class=\"aligncenter size-large\"><img loading=\"lazy\" decoding=\"async\" width=\"543\" height=\"543\" src=\"https:\/\/www.midamideta.com\/wp-content\/uploads\/2021\/03\/wp-1600111825654.jpg\" alt=\"\" class=\"wp-image-1914\" srcset=\"https:\/\/www.midamideta.com\/wp-content\/uploads\/2021\/03\/wp-1600111825654.jpg 543w, https:\/\/www.midamideta.com\/wp-content\/uploads\/2021\/03\/wp-1600111825654-300x300.jpg 300w, https:\/\/www.midamideta.com\/wp-content\/uploads\/2021\/03\/wp-1600111825654-150x150.jpg 150w\" sizes=\"auto, (max-width: 543px) 100vw, 543px\" \/><\/figure><\/div>\n\n\n\n<h1 class=\"alignfull has-text-align-center wp-block-heading\">SOBRE M\u00cd<\/h1>\n\n\n\n<p>Carina Santiago (<a rel=\"noopener\" target=\"_blank\" href=\"http:\/\/www.instagram.commidamideta\">@midamideta<\/a>) lleva desde 2006 tomando fotograf\u00edas de m\u00fasicos en directo.<\/p>\n\n\n\n<p>Ganadora en 2020 del premio National Winner en el certamen de los <a href=\"https:\/\/www.talkfest.eu\/post\/iberian-festival-awards-2020-and-the-winners-are\" target=\"_blank\" rel=\"noreferrer noopener\"><strong>Iberian Festival Awards<\/strong><\/a> en la categor\u00eda de <strong>Best Festival Photo<\/strong>.<\/p>\n\n\n\n<p>Huye de estrechez del foso de prensa porque seg\u00fan explica <em>\u00abeso permite captar momentos de emoci\u00f3n durante el concierto que normalmente se les escapa a un fot\u00f3grafo profesional\u00bb<\/em>.<\/p>\n\n\n\n<p>Ante el objetivo de su c\u00e1mara han pasado lo m\u00e1s destacable del indie y m\u00fasica electr\u00f3nica de los \u00faltimos a\u00f1os de festivales, salas de conciertos o clubes de electr\u00f3nica de toda Europa.<\/p>\n\n\n\n<p>Entre otros festivales Dekmantel, Paredes de Coura, La Route de Rock, Rock en Seine, Blijdorp festival, Primavera Sound, Primavera Club, Sonar, Vida Festival, FIB, BIME, BBK, Paraiso Festival, Monegros, SOS 4.8, &#8230;<\/p>\n\n\n\n<p><a id=\"adi_page1012_1_155\"><\/a><\/p>\n","protected":false},"excerpt":{"rendered":"<p>SOBRE M\u00cd Carina Santiago (@midamideta) lleva desde 2006 tomando fotograf\u00edas de m\u00fasicos en directo. Ganadora en 2020 del premio National Winner en el certamen de los Iberian Festival Awards en la categor\u00eda de Best Festival Photo. Huye de estrechez del foso de prensa porque seg\u00fan explica \u00abeso permite captar momentos de emoci\u00f3n durante el concierto [&hellip;]<\/p>\n","protected":false},"author":1,"featured_media":713,"parent":0,"menu_order":0,"comment_status":"closed","ping_status":"closed","template":"","meta":{"footnotes":""},"class_list":["post-333","page","type-page","status-publish","has-post-thumbnail","hentry"],"_links":{"self":[{"href":"https:\/\/www.midamideta.com\/index.php?rest_route=\/wp\/v2\/pages\/333","targetHints":{"allow":["GET"]}}],"collection":[{"href":"https:\/\/www.midamideta.com\/index.php?rest_route=\/wp\/v2\/pages"}],"about":[{"href":"https:\/\/www.midamideta.com\/index.php?rest_route=\/wp\/v2\/types\/page"}],"author":[{"embeddable":true,"href":"https:\/\/www.midamideta.com\/index.php?rest_route=\/wp\/v2\/users\/1"}],"replies":[{"embeddable":true,"href":"https:\/\/www.midamideta.com\/index.php?rest_route=%2Fwp%2Fv2%2Fcomments&post=333"}],"version-history":[{"count":3,"href":"https:\/\/www.midamideta.com\/index.php?rest_route=\/wp\/v2\/pages\/333\/revisions"}],"predecessor-version":[{"id":2666,"href":"https:\/\/www.midamideta.com\/index.php?rest_route=\/wp\/v2\/pages\/333\/revisions\/2666"}],"wp:featuredmedia":[{"embeddable":true,"href":"https:\/\/www.midamideta.com\/index.php?rest_route=\/wp\/v2\/media\/713"}],"wp:attachment":[{"href":"https:\/\/www.midamideta.com\/index.php?rest_route=%2Fwp%2Fv2%2Fmedia&parent=333"}],"curies":[{"name":"wp","href":"https:\/\/api.w.org\/{rel}","templated":true}]}}